{"version":"1.0","provider_name":"bopciblog","provider_url":"https:\/\/bopci.cafeblog.hu","author_name":"bopci blog","author_url":"https:\/\/bopci.cafeblog.hu\/author\/civisnoegyletfreemail-hu\/","title":"P\u00e1r fot\u00f3 - tulip\u00e1nok","html":"\u00d6sszeszedtem p\u00e1r sz\u00e9p fot\u00f3t nektek. Egyiket sem \u00e9n csin\u00e1ltam, mert nincsenek ennyire sz\u00e9p vir\u00e1gaim. M\u00e9g. Egyel\u0151re. :) Teh\u00e1t a j\u00f6v\u0151beli terveim k\u00f6zt szerepel, hogy beszerz\u00e9sre ker\u00fcljenek ilyenek. ;)\r\n\r\nTulajdonk\u00e9ppen az\u00e9rt vannak most ide t\u00e9ve, mert a nagyl\u00e1nyom a tulip\u00e1nt egyre t\u00f6bbet emlegeti, gyakorlatilag \u00fagy t\u0171nik, mintha az lenne a kedvenc vir\u00e1ga mostan\u00e1ban. A mostan\u00e1ban az ut\u00f3bbi b\u0151 f\u00e9l-egy \u00e9vet jelenti.\r\n\r\n<a href=\"https:\/\/bopci.cafeblog.hu\/files\/2014\/11\/cirmos_tulipan.jpg\"><img class=\"aligncenter size-medium wp-image-1281\" src=\"https:\/\/bopci.cafeblog.hu\/files\/2014\/11\/cirmos_tulipan-300x225.jpg\" alt=\"cirmos_tulipan\" width=\"300\" height=\"225\" \/><\/a>\r\n\r\n<a href=\"https:\/\/bopci.cafeblog.hu\/files\/2014\/11\/fehertulipan.jpg\"><img class=\"aligncenter size-full wp-image-1282\" src=\"https:\/\/bopci.cafeblog.hu\/files\/2014\/11\/fehertulipan.jpg\" alt=\"fehertulipan\" width=\"261\" height=\"193\" \/><\/a>\r\n\r\n<a href=\"https:\/\/bopci.cafeblog.hu\/files\/2014\/11\/feketetulipan.jpg\"><img class=\"aligncenter size-medium wp-image-1283\" src=\"https:\/\/bopci.cafeblog.hu\/files\/2014\/11\/feketetulipan-270x300.jpg\" alt=\"feketetulipan\" width=\"270\" height=\"300\" \/><\/a>\r\n\r\n<a href=\"https:\/\/bopci.cafeblog.hu\/files\/2014\/11\/tulipa-black.jpg\"><img class=\"aligncenter size-medium wp-image-1284\" src=\"https:\/\/bopci.cafeblog.hu\/files\/2014\/11\/tulipa-black-300x215.jpg\" alt=\"tulipa black\" width=\"300\" height=\"215\" \/><\/a>\r\n\r\n<a href=\"https:\/\/bopci.cafeblog.hu\/files\/2014\/11\/fehertulipan2.jpg\"><img class=\"aligncenter size-medium wp-image-1285\" src=\"https:\/\/bopci.cafeblog.hu\/files\/2014\/11\/fehertulipan2-300x225.jpg\" alt=\"fehertulipan2\" width=\"300\" height=\"225\" \/><\/a>\r\n\r\n<a href=\"https:\/\/bopci.cafeblog.hu\/files\/2014\/11\/16.jpg\"><img class=\"aligncenter size-medium wp-image-1286\" src=\"https:\/\/bopci.cafeblog.hu\/files\/2014\/11\/16-267x300.jpg\" alt=\"16\" width=\"267\" height=\"300\" \/><\/a>","type":"rich","thumbnail_url":"https:\/\/bopci.cafeblog.hu\/files\/2014\/11\/tulipa-black-150x150.jpg","thumbnail_width":150,"thumbnail_height":150}