{"version":"1.0","provider_name":"bopciblog","provider_url":"https:\/\/bopci.cafeblog.hu","author_name":"bopci blog","author_url":"https:\/\/bopci.cafeblog.hu\/author\/civisnoegyletfreemail-hu\/","title":"Chipelve vannak a gyerekeim","html":"<p>Mintha valami chip lenne a gyerekeimben, komolyan! Megint ott tartunk, hogy j\u00f6n a v\u00e9d\u0151n\u0151, \u00e9s az hagyj\u00e1n, hogy a feje tetej\u00e9n \u00e1ll a gyerekszoba, de a Picim ism\u00e9t a mostani id\u0151pontot v\u00e1lasztotta arra, hogy nagyonbeteg legyen. Nem csak egyszer\u0171 megf\u00e1z\u00e1s, n\u00e1tha, stb., hanem l\u00e1z is van mostanra. Egyszer\u0171en nincs pof\u00e1m felh\u00edvni a v\u00e9d\u0151n\u0151t, hogy bocs, megint beteg lett a pici kincsem, ne gyere. K\u00e1b\u00e9 hatvannyolcszor csin\u00e1lta eddig ezt.<\/p>\r\n<p>A v\u00e9d\u0151n\u0151nk szerintem a h\u00e1ta k\u00f6zep\u00e9re nem k\u00edv\u00e1n minket, mi lehet\u00fcnk a \"rossz csal\u00e1d\", mert mindig \u00e9s \u00e1lland\u00f3an akkor betegszik le a Picim, amikor \u0151 j\u00f6nne.<\/p>\r\n<p>Nem, k\u00e9rem, erre m\u00e1s magyar\u00e1zat nincs, csak az, hogy egy \u00e9rz\u00e9kel\u0151 van benne. :)<\/p>\r\n<p>&nbsp;<\/p>\r\n[caption id=\"\" align=\"aligncenter\" width=\"600\"]<img class=\"\" src=\"https:\/\/bopci.cafeblog.hu\/files\/2016\/05\/shutterstock_207413692.jpg\" alt=\"\" width=\"600\" height=\"450\" \/> Fot\u00f3: elisicon.com[\/caption]\r\n<p>&nbsp;<\/p>\r\n<p>A legnagyobb csemet\u00e9m is elj\u00e1tszott ehhez hasonl\u00f3 dolgokat. Pont akkor kellett neki rendszeresen lebetegedni, amikor nekem j\u00f3 sz\u00e1z kilom\u00e9terrel arr\u00e9bb kisel\u0151ad\u00e1st kellett tartanom egy sz\u00e1zf\u0151s, v\u00e1logatott k\u00f6z\u00f6ns\u00e9gnek, marhacsinin kirittyentve, vissza pedig nem lehetett mondani a dolgot.<\/p>\r\n<p>K\u00f6z\u00e9ps\u0151k\u00e9m sem esett messze a f\u00e1t\u00f3l, akarom mondani a be\u00fcltet\u00e9st\u0151l, n\u00e1la is rendszeres a dolog. Ahogy valahova menni kellett any\u00e1nak, egyb\u0151l: f\u00e1j a hasam, f\u00e1j a torkom, l\u00e1zas vagyok - \u00e9s be is besz\u00e9lte mag\u00e1nak, majd meg is val\u00f3s\u00edtotta mindet.<\/p>\r\n<p>Egy sz\u00f3, mint sz\u00e1z: tiszt\u00e1ban vagyok vele mostanra, hogy a gyerekeim nagyon \u00fcgyesek, \u00e9s nagyon okosak, \u00e9s kiv\u00e1l\u00f3an \u00e9rtenek ezekhez az anyah\u00e1tr\u00e1ltat\u00f3 dolgokhoz.<\/p>\r\n<p><a href=\"https:\/\/bopci.cafeblog.hu\/files\/2016\/05\/RFID-chip.jpg\"><img class=\"aligncenter size-full wp-image-5291\" src=\"https:\/\/bopci.cafeblog.hu\/files\/2016\/05\/RFID-chip.jpg\" alt=\"RFID-chip\" width=\"512\" height=\"379\" \/><\/a><\/p>","type":"rich","thumbnail_url":"https:\/\/bopci.cafeblog.hu\/files\/2016\/05\/RFID-chip-150x150.jpg","thumbnail_width":150,"thumbnail_height":150}