{"version":"1.0","provider_name":"bopciblog","provider_url":"https:\/\/bopci.cafeblog.hu","author_name":"bopci blog","author_url":"https:\/\/bopci.cafeblog.hu\/author\/civisnoegyletfreemail-hu\/","title":"Brut\u00e1l pink pizza","html":"<p>A pizza k\u00f6zismerten tudjuk, milyen sz\u00edn\u0171 t\u00e9szt\u00e1b\u00f3l van. Egy halv\u00e1ny vajsz\u00edn\u0171b\u0151l ugyeb\u00e1r, ami s\u00fct\u00e9s k\u00f6zben s\u00f6t\u00e9tedik - \u00e9s ha elb\u00e9n\u00e1zzuk, akkor eg\u00e9szen fekete is tud lenni; na meg f\u00fcst\u00f6s is. H\u00e1t ez bizony nem olyan. Ez a sz\u00edn egy\u00e1ltal\u00e1n nem szokv\u00e1nyos, pedig term\u00e9szetes alapanyagokb\u00f3l k\u00e9sz\u00fclt. Sem temper\u00e1t, se zs\u00edrkr\u00e9t\u00e1t, sem m\u00e1s, mesters\u00e9ges sz\u00ednez\u0151szert nem haszn\u00e1ltam.<\/p>\r\n<p>A l\u00e1nyaim szent\u00fcl meg vannak r\u00f3la gy\u0151z\u0151dve, hogy ez bizony \"r\u00e1g\u00f3gumi\"-pizza! :D Pedig mind\u00f6ssze a kong\u00f3 p\u00e9nzt\u00e1rca vez\u00e9relt: marad\u00e9k-felhaszn\u00e1l\u00e1ssal k\u00e9sz\u00fclt.<\/p>\r\n<p>&nbsp;<\/p>\r\n<p><a href=\"https:\/\/bopci.cafeblog.hu\/files\/2016\/09\/eyeemfiltered1473965717484.jpg\"><img class=\"aligncenter size-large wp-image-6885\" src=\"https:\/\/bopci.cafeblog.hu\/files\/2016\/09\/eyeemfiltered1473965717484-600x337.jpg\" alt=\"eyeemfiltered1473965717484\" width=\"600\" height=\"337\" \/><\/a><\/p>\r\n<p>&nbsp;<\/p>\r\n<p>&nbsp;<\/p>\r\n<h1 style=\"text-align: center\">Brut\u00e1l pink pizza<\/h1>\r\n<p>&nbsp;<\/p>\r\n<p><em>Hozz\u00e1val\u00f3k<\/em>:<\/p>\r\n<ul>\r\n<li>f\u00e9l db f\u0151tt c\u00e9kla reszelve<\/li>\r\n<li>1 kk s\u00f3<\/li>\r\n<li>40 dkg liszt<\/li>\r\n<li>0,5 dl olaj<\/li>\r\n<li>1 cs sz\u00e1r\u00edtott \u00e9leszt\u0151<\/li>\r\n<li>2 dl c\u00e9klaf\u0151z\u0151v\u00edz<\/li>\r\n<\/ul>\r\n<p><em>Tetej\u00e9re<\/em>:<\/p>\r\n<ul>\r\n<li>3 sz\u00e1l s\u00fclt kolb\u00e1sz<\/li>\r\n<li>1 fej hagyma<\/li>\r\n<li>brut\u00e1l\u00a0<span style=\"line-height: 1.5\">sz\u00f3sz<\/span><\/li>\r\n<li>1 paradicsom<\/li>\r\n<li>reszelt sajt<\/li>\r\n<li>mar\u00e9knyi kukorica<\/li>\r\n<\/ul>\r\n<p>&nbsp;<\/p>\r\n<p><em>Elk\u00e9sz\u00edt\u00e9s<\/em>:<\/p>\r\n<ol>\r\n<li>Feltessz\u00fck a megh\u00e1mozott c\u00e9kl\u00e1t f\u0151ni s\u00f3s, k\u00f6m\u00e9nymagos v\u00edzben. Ha megf\u0151tt (kb. 20-25 perc), a lev\u00e9b\u0151l kivesz\u00fcnk 2 dl-t \u00e9s abb\u00f3l kezdj\u00fck el k\u00e9sz\u00edteni a pizzat\u00e9szt\u00e1t. A kih\u0171lt, f\u00e9lbev\u00e1gott c\u00e9kl\u00e1t lereszelj\u00fck nagylyuk\u00fa reszel\u0151n \u00e9s hozz\u00e1adjuk a t\u00e9szt\u00e1hoz.<\/li>\r\n<li>F\u00e9l \u00f3r\u00e1ig kelesztj\u00fck letakarva.<\/li>\r\n<li>Egy pizzatepsibe h\u00fazg\u00e1ljuk a t\u00e9szt\u00e1t, megkenj\u00fck a brut\u00e1l sz\u00f3sszal (175 g tejf\u00f6l, 1 ek tej, amiben 1 kk er\u0151s dar\u00e1lt paprik\u00e1t elkever\u00fcnk, 1 ek fokhagymagranul\u00e1tum, 1 kk kapor, csipet s\u00f3), majd a felt\u00e9teket r\u00e1tessz\u00fck \u00e9s 200 fokon k\u00e9szre s\u00fctj\u00fck.<\/li>\r\n<\/ol>\r\n<p>Igen, ez t\u00e9nyleg r\u00f3zsasz\u00edn pizza! :)<\/p>\r\n<p><a href=\"https:\/\/bopci.cafeblog.hu\/files\/2016\/09\/IMG_20160916_173801.jpg\"><img class=\"aligncenter size-large wp-image-6884\" src=\"https:\/\/bopci.cafeblog.hu\/files\/2016\/09\/IMG_20160916_173801-600x450.jpg\" alt=\"IMG_20160916_173801\" width=\"600\" height=\"450\" \/><\/a><\/p>\r\n<p>&nbsp;<\/p>\r\n<p>&nbsp;<\/p>\r\n<p>&nbsp;<\/p>\r\n<p>&nbsp;<\/p>","type":"rich","thumbnail_url":"https:\/\/bopci.cafeblog.hu\/files\/2016\/09\/IMG_20160916_173801-150x150.jpg","thumbnail_width":150,"thumbnail_height":150}