{"version":"1.0","provider_name":"bopciblog","provider_url":"https:\/\/bopci.cafeblog.hu","author_name":"bopci blog","author_url":"https:\/\/bopci.cafeblog.hu\/author\/civisnoegyletfreemail-hu\/","title":"Andr\u00e1s b\u00e1csi, a h\u0151s","html":"<p>Nem tudom, mi\u00e9rt, de most ugrott be egy t\u00f6rt\u00e9net gyerekkoromb\u00f3l.<\/p>\r\n<p>A vel\u00fcnk szemben lev\u0151 lak\u00f3k cig\u00e1nyok voltak. Nem rom\u00e1k, hanem \"cig\u00e1nyok\". \u0150k mondt\u00e1k ezt saj\u00e1t magukr\u00f3l.<\/p>\r\n<p><strong>Sok, ut\u00f3lag is felh\u00e1bor\u00edt\u00f3 dolgot m\u0171veltek (a kuty\u00e1juk, Lady b\u00e1ntalmaz\u00e1s\u00e1r\u00f3l kezdve a \"Hogyan adjuk el a l\u00e1nyunkat\" c\u00edm\u0171 fejezeten kereszt\u00fcl a 9 \u00e9ves nevelt l\u00e1ny meger\u0151szakol\u00e1s\u00e1n \u00e1t... nagyon sok, nagyon cs\u00fanya dolgot m\u0171velt a csal\u00e1df\u0151). <\/strong>Csal\u00e1df\u0151 \u00e9s nagyfi\u00fa felv\u00e1ltva \u00fclt a b\u00f6rt\u00f6nben kisebb lop\u00e1sok miatt, s\u0151t, volt, hogy a feles\u00e9gre k\u00e9nyszer\u00edtett\u00e9k r\u00e1, hogy \u00fclj\u00f6n \u0151 a b\u00f6rt\u00f6nben. Feles\u00e9g egy\u00e9bk\u00e9nt egy tisztess\u00e9ges, dolgos cig\u00e1ny n\u0151 volt, a szorgos fajt\u00e1b\u00f3l, aki nem engedte, hogy a l\u00e1nyai ne j\u00e1rjanak iskol\u00e1ba.<\/p>\r\n<p>Akkor m\u00e9g nem volt olyan gyermekv\u00e9delem, mint ma - \u00e1m volt Andr\u00e1s b\u00e1csi, az egyik szomsz\u00e9dunk. Tagbaszakadt, kigy\u00fart, kopasz fick\u00f3. Az arc\u00e1ra m\u00e1r nem eml\u00e9kszem, meg nem ismern\u00e9m az utc\u00e1n, ha szembe j\u00f6nne velem, de egyszer csin\u00e1lt egy olyat, ami ut\u00e1n az \u00e1lland\u00f3 s\u00edr\u00e1s, tompa puffan\u00e1sok, b\u00f6mb\u00f6l\u0151 kazett\u00e1smagn\u00f3 kiv\u00e1ltotta zaj elt\u0171nt j\u00f3 id\u0151re.<\/p>\r\n<p>Ez pedig a k\u00f6vetkez\u0151 volt:<\/p>\r\n<p>\u00c1tkopogott, azaz d\u00f6r\u00f6mb\u00f6lt az ajt\u00f3n, \u00e9s az \u00a0\u00f6reg B.-t megragadta. Sejtett\u00fck anyuk\u00e1mmal, hogy baj lesz - de nem erre sz\u00e1m\u00edtottunk. Kir\u00e1ngatta a lak\u00e1sajt\u00f3n, \u00e9s a korl\u00e1tra fektette. Nagyj\u00e1b\u00f3l der\u00e9kt\u00e1jon. Hogy pontosan mit mondott neki, azt m\u00e1r nem tudom, de az \u00f6reg B. elfeh\u00e9redett, remegett \u00e9s a csillagokat is leesk\u00fcdte az \u00e9gr\u0151l, csak ne dobja le onnan. (Tulajdonk\u00e9ppen nem esett volna nagyot, csak sz\u00e9tt\u00f6rt volna a bek\u00e9pzelt feje. Meg esetleg 1-2 bord\u00e1ja.)<\/p>\r\n<p>Ett\u0151l kezdve egy\u00e1ltal\u00e1n nem f\u00e9ltem a nagydarab, kopasz, kigy\u00fart emberekt\u0151l, mert tudtam, hogy nem b\u00e1ntanak ok n\u00e9lk\u00fcl, \u00e9s \u00e1ltal\u00e1ban tudj\u00e1k, ki a j\u00f3, \u00e9s ki a rossz ember.<\/p>\r\n<p>Andr\u00e1s b\u00e1csi \u00e1ll\u00edt\u00f3lag rend\u0151r is volt, kocsm\u00e1t is nyitott, de hogy hova lett \u00e9s mi t\u00f6rt\u00e9nt vele, nem tudom. <strong>Ha mag\u00e1ra ismer, nyugodtan jelentkezhet! :) A\u00a0teljes\u00a0nev\u00e9re, a feles\u00e9g\u00e9nek \u00e9s a gyerek\u00e9nek a nev\u00e9re is eml\u00e9kszem. :)\u00a0<\/strong><\/p>\r\n<p>&nbsp;<\/p>\r\n<p><a href=\"https:\/\/bopci.cafeblog.hu\/files\/2016\/10\/IMG_20161014_234415_841.jpg\"><img class=\"aligncenter size-large wp-image-7004\" src=\"https:\/\/bopci.cafeblog.hu\/files\/2016\/10\/IMG_20161014_234415_841-600x455.jpg\" alt=\"img_20161014_234415_841\" width=\"600\" height=\"455\" \/><\/a><\/p>\r\n<p>&nbsp;<\/p>\r\n<p>&nbsp;<\/p>\r\n<p>&nbsp;<\/p>","type":"rich","thumbnail_url":"https:\/\/bopci.cafeblog.hu\/files\/2016\/10\/IMG_20161014_234415_841-150x150.jpg","thumbnail_width":150,"thumbnail_height":150}